{"id":213,"date":"2019-01-21T13:30:10","date_gmt":"2019-01-21T13:30:10","guid":{"rendered":"http:\/\/szerzs.mhan.hu\/gimnazium\/?page_id=213"},"modified":"2026-08-27T08:04:57","modified_gmt":"2026-08-27T07:04:57","slug":"lelkiseg","status":"publish","type":"page","link":"https:\/\/szent-erzsebet.hu\/gimnazium\/lelkiseg\/","title":{"rendered":"Lelkis\u00e9g"},"content":{"rendered":"\n<p class=\"wp-block-paragraph\">Az \u00c1rp\u00e1d-h\u00e1zi Szent Erzs\u00e9bet Gimn\u00e1zium, \u00d3voda&nbsp;\u00e9s \u00c1ltal\u00e1nos Iskola hit\u00e9let\u00e9nek k\u00f6z\u00e9ppontj\u00e1ban J\u00e9zus Krisztus \u00e1ll, az \u0150 jelenl\u00e9te, tan\u00edt\u00e1sa&nbsp;\u00e9s a Vele val\u00f3 szem\u00e9lyes tal\u00e1lkoz\u00e1s hat\u00e1rozza meg a kereszt\u00e9ny szem\u00e9lyis\u00e9g form\u00e1l\u00e1s\u00e1t. Ez a lelk\u00fclet&nbsp;\u00e1thatja int\u00e9zm\u00e9ny\u00fcnk&nbsp;mindennapi&nbsp;\u00e9let\u00e9t az&nbsp;\u00f3vod\u00e1t\u00f3l az&nbsp;\u00e9retts\u00e9giig, a tan\u00edt\u00e1si&nbsp;\u00f3r\u00e1kon, a k\u00f6z\u00f6ss\u00e9gi alkalmakon&nbsp;\u00e9s az egyh\u00e1zi&nbsp;\u00e9v \u00fcnnepein \u00e1t.<\/p>\n\n\n\n<p class=\"wp-block-paragraph\">Int\u00e9zm\u00e9ny\u00fcnkben a di\u00e1kok&nbsp;\u00e9s a pedag\u00f3gusok a hagyom\u00e1nyos kereszt\u00e9ny k\u00f6sz\u00f6nt\u00e9ssel&nbsp;\u00fcdv\u00f6zlik egym\u00e1st:&nbsp;\u201eLaudetur Jesus Christus!\u201d (v\u00e1lasz: \u201eIn aeternum! Amen.\u201d), amely egyben r\u00f6vid foh\u00e1szk\u00e9nt&nbsp;megszenteli a tal\u00e1lkoz\u00e1sokat. Az oszt\u00e1lyk\u00f6z\u00f6ss\u00e9gek a tan\u00edt\u00e1si napokat k\u00f6z\u00f6s im\u00e1d\u00e1val kezdik&nbsp;\u00e9s z\u00e1rj\u00e1k,&nbsp;\u00e9s az&nbsp;\u00e9tkez\u00e9sek el\u0151tt is h\u00e1l\u00e1t adunk Isten aj\u00e1nd\u00e9kai\u00e9rt.<\/p>\n\n\n\n<p class=\"wp-block-paragraph\">Az oszt\u00e1lyok havonta egy alkalommal oszt\u00e1lymis\u00e9n vagy igeliturgi\u00e1n vesznek r\u00e9szt. Iskol\u00e1nk k\u00f6z\u00f6ss\u00e9ge a liturgikus&nbsp;\u00e9v kiemelked\u0151 pontjain k\u00f6z\u00f6s szentmis\u00e9vel&nbsp;\u00fcnnepel a tan\u00e9v elej\u00e9n (Veni Sancte)&nbsp;\u00e9s a tan\u00e9v v\u00e9g\u00e9n (Te Deum), v\u00edzkeresztkor&nbsp;\u00e9s hamvaz\u00f3szerd\u00e1n,<\/p>\n\n\n\n<p class=\"wp-block-paragraph\">iskola v\u00e9d\u0151szentje, \u00c1rp\u00e1d-h\u00e1zi Szent Erzs\u00e9bet&nbsp;\u00fcnnep\u00e9n, valamint a bazilika, Esztergom v\u00e1rosa \u00e9s az Esztergom-Budapesti F\u0151egyh\u00e1zmegye v\u00e9d\u0151szentje, Szent Adalbert liturgikus \u00fcnnepnapj\u00e1n.<\/p>\n\n\n\n<p class=\"wp-block-paragraph\">Als\u00f3 tagozatos di\u00e1kjaink k\u00fcl\u00f6n szentmis\u00e9ben eml\u00e9keznek meg \u00c1rp\u00e1d-h\u00e1zi Szent Margitr\u00f3l, v\u00e9gz\u0151s tanul\u00f3ink&nbsp;\u00fatra bocs\u00e1t\u00e1s\u00e1t pedig \u00fcnnep\u00e9lyes ballag\u00e1si szentmise k\u00eds\u00e9ri.<\/p>\n\n\n\n<p class=\"wp-block-paragraph\">Katolikus nevel\u00e9si elveinkkel&nbsp;\u00f6sszhangban szeretettel buzd\u00edtjuk minden tanul\u00f3nkat arra, hogy a saj\u00e1t felekezeti el\u0151\u00edr\u00e1sai szerint vas\u00e1rnaponk\u00e9nt vegyen r\u00e9szt szentmis\u00e9n vagy istentiszteleten,&nbsp;\u00e9s kapcsol\u00f3djon be a lak\u00f3helye szerinti pl\u00e9b\u00e1nia vagy gy\u00fclekezet&nbsp;\u00e9let\u00e9be.<\/p>\n\n\n\n<p class=\"wp-block-paragraph\">Int\u00e9zm\u00e9ny\u00fcnkben a r\u00f3mai katolikus \u00e9s g\u00f6r\u00f6gkatolikus hitoktat\u00e1s mellett \u2013 a testv\u00e9rfelekezetekkel egy\u00fcttm\u0171k\u00f6dve \u2013&nbsp;reform\u00e1tus lelk\u00e9szek \u00e1ltal vezetett hittanoktat\u00e1s is v\u00e1laszthat\u00f3. Tanul\u00f3ink minden tan\u00e9vben lelkigyakorlatos napon vesznek r\u00e9szt, emellett az iskol\u00e1ban&nbsp;\u00e9vente n\u00e9gy alkalommal biztos\u00edtunk lehet\u0151s\u00e9get a szentgy\u00f3n\u00e1s elv\u00e9gz\u00e9s\u00e9re.&nbsp;Term\u00e9szetesen ezen t\u00fal is sz\u00edvesen v\u00e1rj\u00e1k az aty\u00e1k, a lelk\u00e9szek gy\u00f3n\u00e1sra, lelki besz\u00e9lget\u00e9sre a di\u00e1kokat, akik ezt ig\u00e9nylik.<\/p>\n\n\n\n<p class=\"wp-block-paragraph\">Az iskolai hit\u00e9let szervez\u00e9s\u00e9ben&nbsp;\u00e9s lelkip\u00e1sztori k\u00eds\u00e9r\u00e9s\u00e9ben int\u00e9zm\u00e9ny\u00fcnk az Esztergom-V\u00e1ri Nagyboldogasszony&nbsp;\u00e9s Szent Adalbert F\u0151sz\u00e9kesegyh\u00e1zi Pl\u00e9b\u00e1ni\u00e1val m\u0171k\u00f6dik egy\u00fctt. A lelkigyakorlatos napok megval\u00f3s\u00edt\u00e1s\u00e1ba emellett rendszeresen bevonunk szerzetesi k\u00f6z\u00f6ss\u00e9geket (ferenceseket, verbit\u00e1kat, jezsuit\u00e1kat), katolikus karizmatikus lelkis\u00e9g\u0171 meg\u00fajul\u00e1si mozgalmat (\u00daj Jeruzs\u00e1lem K\u00f6z\u00f6ss\u00e9g), lelkip\u00e1sztorokat, valamint hit\u00e9ben&nbsp;\u00e9rett, kipr\u00f3b\u00e1lt vil\u00e1gi h\u00edv\u0151ket (laikusokat). Ez a soksz\u00edn\u0171s\u00e9g&nbsp;\u00faj impulzusokkal seg\u00edti di\u00e1kjaink hitbeli n\u00f6veked\u00e9s\u00e9t,&nbsp;\u00e9s lehet\u0151s\u00e9get ad az Egyh\u00e1z lelki gazdags\u00e1g\u00e1nak megtapasztal\u00e1s\u00e1ra.<\/p>\n\n\n\n<p class=\"wp-block-paragraph\">A beavat\u00f3 szents\u00e9gekre (kereszts\u00e9g,&nbsp;els\u0151\u00e1ldoz\u00e1s, b\u00e9rm\u00e1l\u00e1s) val\u00f3 felk\u00e9sz\u00edt\u00e9s \u2013 az egyh\u00e1zi el\u0151\u00edr\u00e1soknak megfelel\u0151en \u2013 a tanul\u00f3k lak\u00f3helye szerinti pl\u00e9b\u00e1niai k\u00f6z\u00f6ss\u00e9gekben t\u00f6rt\u00e9nik. Amennyiben sz\u00fcks\u00e9ges, seg\u00edtj\u00fck a di\u00e1kok, csal\u00e1dok kapcsolatfelv\u00e9tel\u00e9t otthoni lelkip\u00e1sztoraikkal.<\/p>\n","protected":false},"excerpt":{"rendered":"<p>Az \u00c1rp\u00e1d-h\u00e1zi Szent Erzs\u00e9bet Gimn\u00e1zium, \u00d3voda&nbsp;\u00e9s \u00c1ltal\u00e1nos Iskola hit\u00e9let\u00e9nek k\u00f6z\u00e9ppontj\u00e1ban J\u00e9zus Krisztus \u00e1ll, az \u0150 jelenl\u00e9te, tan\u00edt\u00e1sa&nbsp;\u00e9s a Vele val\u00f3 szem\u00e9lyes tal\u00e1lkoz\u00e1s hat\u00e1rozza meg a kereszt\u00e9ny szem\u00e9lyis\u00e9g form\u00e1l\u00e1s\u00e1t. Ez a lelk\u00fclet&nbsp;\u00e1thatja int\u00e9zm\u00e9ny\u00fcnk&nbsp;mindennapi&nbsp;\u00e9let\u00e9t az&nbsp;\u00f3vod\u00e1t\u00f3l az&nbsp;\u00e9retts\u00e9giig,&#46;&#46;&#46;<\/p>\n","protected":false},"author":1,"featured_media":0,"parent":0,"menu_order":0,"comment_status":"closed","ping_status":"closed","template":"","meta":{"footnotes":"","_links_to":"","_links_to_target":""},"class_list":["post-213","page","type-page","status-publish","hentry"],"_links":{"self":[{"href":"https:\/\/szent-erzsebet.hu\/gimnazium\/wp-json\/wp\/v2\/pages\/213","targetHints":{"allow":["GET"]}}],"collection":[{"href":"https:\/\/szent-erzsebet.hu\/gimnazium\/wp-json\/wp\/v2\/pages"}],"about":[{"href":"https:\/\/szent-erzsebet.hu\/gimnazium\/wp-json\/wp\/v2\/types\/page"}],"author":[{"embeddable":true,"href":"https:\/\/szent-erzsebet.hu\/gimnazium\/wp-json\/wp\/v2\/users\/1"}],"replies":[{"embeddable":true,"href":"https:\/\/szent-erzsebet.hu\/gimnazium\/wp-json\/wp\/v2\/comments?post=213"}],"version-history":[{"count":4,"href":"https:\/\/szent-erzsebet.hu\/gimnazium\/wp-json\/wp\/v2\/pages\/213\/revisions"}],"predecessor-version":[{"id":3204,"href":"https:\/\/szent-erzsebet.hu\/gimnazium\/wp-json\/wp\/v2\/pages\/213\/revisions\/3204"}],"wp:attachment":[{"href":"https:\/\/szent-erzsebet.hu\/gimnazium\/wp-json\/wp\/v2\/media?parent=213"}],"curies":[{"name":"wp","href":"https:\/\/api.w.org\/{rel}","templated":true}]}}