{"id":2604,"date":"2025-09-23T07:12:28","date_gmt":"2025-09-23T06:12:28","guid":{"rendered":"https:\/\/szent-erzsebet.hu\/gimnazium\/?page_id=2604"},"modified":"2026-02-09T11:12:15","modified_gmt":"2026-02-09T10:12:15","slug":"pedagogusaink","status":"publish","type":"page","link":"https:\/\/szent-erzsebet.hu\/gimnazium\/pedagogusaink\/","title":{"rendered":"Pedag\u00f3gusaink"},"content":{"rendered":"\n<p class=\"has-text-align-center\">\u00c1goston Csaba <br>agoston.csaba@szent-erzsebet.hu <br>Reform\u00e1tus hittan<\/p>\n\n\n\n<p class=\"has-text-align-center\">\u00c1gostonn\u00e9 Ap\u00e1ti Gabriella <br>apati.gabriella@szent-erzsebet.hu <br>Reform\u00e1tus hittan<\/p>\n\n\n\n<p class=\"has-text-align-center\">Alekszandrova Katalin <br>alekszandrova.katalin@szent-erzsebet.hu <br>Biol\u00f3gia\/k\u00e9mia<\/p>\n\n\n\n<p class=\"has-text-align-center\">Ambrus Krisztina <br>ambrus.krisztina@szent-erzsebet.hu <br>Angol nyelv<\/p>\n\n\n\n<p class=\"has-text-align-center\">Barna J\u00e1nos <br>barna.janos@szent-erzsebet.hu <br>Technika \u00e9s tervez\u00e9s<\/p>\n\n\n\n<p class=\"has-text-align-center\">B\u00e1rsony \u00c1rp\u00e1d <br>barsony.arpad@szent-erzsebet.hu <br>Katolikus hittan<\/p>\n\n\n\n<p class=\"has-text-align-center\">Bartha \u00c9va <br>bartha.eva@szent-erzsebet.hu <br>N\u00e9met nyelv<\/p>\n\n\n\n<p class=\"has-text-align-center\">B\u00e9lai \u00c1gnes <br>belai.agnes@szent-erzsebet.hu <br>Testnevel\u00e9s<\/p>\n\n\n\n<p class=\"has-text-align-center\">Bereczky Zsolt <br>bereczky.zsolt@szent-erzsebet.hu <br>Fizika\/digit\u00e1lis kult\u00fara<\/p>\n\n\n\n<p class=\"has-text-align-center\">Boldizs\u00e1r Endre <br>boldizsar.endre@szent-erzsebet.hu <br>T\u00f6rt\u00e9nelem\/magyar<\/p>\n\n\n\n<p class=\"has-text-align-center\">Cseh Vikt\u00f3ria <br>cseh.viktoria@szent-erzsebet.hu <br>Testnevel\u00e9s\/digit\u00e1lis kult\u00fara<\/p>\n\n\n\n<p class=\"has-text-align-center\">D\u00e9zsi El\u0151d <br>dezsi.elod@szent-erzsebet.hu <br>Testnevel\u00e9s<\/p>\n\n\n\n<p class=\"has-text-align-center\">Dr. D\u00e1vid Patrik <br>david.patrik@szent-erzsebet.hu <br>Magyar<\/p>\n\n\n\n<p class=\"has-text-align-center\">Dr. Szalma Nikoletta <br>szalma.nikoletta@szent-erzsebet.hu <br>K\u00e9mia<\/p>\n\n\n\n<p class=\"has-text-align-center\">Eifertn\u00e9 Majth\u00e9nyi Judit <br>majthenyi.judit@szent-erzsebet.hu <br>Angol nyelv<\/p>\n\n\n\n<p class=\"has-text-align-center\">Farag\u00f3 Anita <br>farago.anita@szent-erzsebet.hu <br>Angol nyelv<\/p>\n\n\n\n<p class=\"has-text-align-center\">Farkas Istv\u00e1n <br>farkas.istvan@szent-erzsebet.hu <br>Testnevel\u00e9s<\/p>\n\n\n\n<p class=\"has-text-align-center\">Fodor Zolt\u00e1n <br>fodor.zoltan@szent-erzsebet.hu <br>Digit\u00e1lis kult\u00fara<\/p>\n\n\n\n<p class=\"has-text-align-center\">Fodorn\u00e9 Farda \u00c9va <br>farda.eva@szent-erzsebet.hu <br>N\u00e9met nyelv<\/p>\n\n\n\n<p class=\"has-text-align-center\">F\u00f6ldes Katalin <br>foldes.katalin@szent-erzsebet.hu <br>Magyar\/francia nyelv<\/p>\n\n\n\n<p class=\"has-text-align-center\">F\u00f6ldesi Vera <br>foldesi.vera@szent-erzsebet.hu <br>N\u00e9met nyelv<\/p>\n\n\n\n<p class=\"has-text-align-center\">Gergelyn\u00e9 Szab\u00f3 Margit <br>szabo.margit@szent-erzsebet.hu <br>Matematika\/f\u00f6ldrajz<\/p>\n\n\n\n<p class=\"has-text-align-center\">Gy\u0151z\u0151 Tam\u00e1s <br>gyozo.tamas@szent-erzsebet.hu <br>Magyar\/katolikus hittan<\/p>\n\n\n\n<p class=\"has-text-align-center\">Gy\u0151z\u0151n\u00e9 Friedmann Rita <br>friedmann.rita@szent-erzsebet.hu <br>Matematika\/n\u00e9met nyelv<\/p>\n\n\n\n<p class=\"has-text-align-center\">Gyur\u00e1sz Csilla <br>gyurasz.csilla@szent-erzsebet.hu <br>N\u00e9met nyelv<\/p>\n\n\n\n<p class=\"has-text-align-center\">Gy\u00fcgyi-J\u00f3n\u00e1s Lilla <br>jonas.lilla@szent-erzsebet.hu <br>Angol nyelv<\/p>\n\n\n\n<p class=\"has-text-align-center\">Heinrich-Simon Zsuzsanna <br>simon.zsuzsanna@szent-erzsebet.hu <br>Spanyol nyelv\/t\u00f6rt\u00e9nelem<\/p>\n\n\n\n<p class=\"has-text-align-center\">Heng\u00e1n Kamilla <br>hengan.kamilla@szent-erzsebet.hu <br>T\u00f6rt\u00e9nelem\/katolikus hittan<\/p>\n\n\n\n<p class=\"has-text-align-center\">H\u00e9vizi Gabriella <br>hevizi.gabriella@szent-erzsebet.hu <br>Angol nyelv<\/p>\n\n\n\n<p class=\"has-text-align-center\">Hinora Edit <br>hinora.edit@szent-erzsebet.hu <br>T\u00f6rt\u00e9nelem\/katolikus hittan<\/p>\n\n\n\n<p class=\"has-text-align-center\">Hohln\u00e9 Nemes D\u00f3ra <br>nemes.dora@szent-erzsebet.hu <br>Spanyol nyelv\/f\u00f6ldrajz<\/p>\n\n\n\n<p class=\"has-text-align-center\">Holtsuk Be\u00e1ta <br>holtsuk.beata@szent-erzsebet.hu <br>Angol nyelv<\/p>\n\n\n\n<p class=\"has-text-align-center\">Janign\u00e9 Bartos Ildik\u00f3 <br>bartos.ildiko@szent-erzsebet.hu <br>Napk\u00f6z<\/p>\n\n\n\n<p class=\"has-text-align-center\">J\u00e1nosi Csaba <br>janosi.csaba@szent-erzsebet.hu <br>Testnevel\u00e9s<\/p>\n\n\n\n<p class=\"has-text-align-center\">Juh\u00e1sz Adrienn <br>juhasz.adrienn@szent-erzsebet.hu <br>T\u00e1nc<\/p>\n\n\n\n<p class=\"has-text-align-center\">Juh\u00e1szn\u00e9 Bog\u00e1r M\u00e1ria <br>bogar.maria@szent-erzsebet.hu <br>Matematika<\/p>\n\n\n\n<p class=\"has-text-align-center\">K\u00e1d\u00e1r Kata <br>kadar.kata@szent-erzsebet.hu <br>Angol nyelv<\/p>\n\n\n\n<p class=\"has-text-align-center\">Keil Andrea <br>keil.andrea@szent-erzsebet.hu <br>Matematika<\/p>\n\n\n\n<p class=\"has-text-align-center\">Kiss Judit <br>kiss.judit@szent-erzsebet.hu <br>F\u00f6ldrajz<\/p>\n\n\n\n<p class=\"has-text-align-center\">Kl\u00e1nyi Rebeka <br>klanyi.rebeka@szent-erzsebet.hu <br>N\u00e9met nyelv<\/p>\n\n\n\n<p class=\"has-text-align-center\">Koll\u00e1rn\u00e9 Szab\u00f3 M\u00e1rta <br>szabo.marta@szent-erzsebet.hu <br>Magyar<\/p>\n\n\n\n<p class=\"has-text-align-center\">Kollern\u00e9 Orb\u00e1n Eszter <br>orban.eszter@szent-erzsebet.hu <br>N\u00e9met nyelv<\/p>\n\n\n\n<p class=\"has-text-align-center\">K\u00f3sa Anita <br>kosa.anita@szent-erzsebet.hu <br>Angol nyelv\/matematika<\/p>\n\n\n\n<p class=\"has-text-align-center\">K\u00fcrti Zolt\u00e1n <br>igazgato@szent-erzsebet.hu <br>T\u00f6rt\u00e9nelem\/testnevel\u00e9s<\/p>\n\n\n\n<p class=\"has-text-align-center\">L\u00e1ng Istv\u00e1n <br>lang.istvan@szent-erzsebet.hu <br>Biol\u00f3gia\/f\u00f6ldrajz<\/p>\n\n\n\n<p class=\"has-text-align-center\">Lest\u00e1k Zolt\u00e1n <br>lestak.zoltan@szent-erzsebet.hu <br>Katolikus hittan<\/p>\n\n\n\n<p class=\"has-text-align-center\">Luk\u00f3czki Anna <br>lukoczki.anna@szent-erzsebet.hu <br>Biol\u00f3gia\/n\u00e9met nyelv<\/p>\n\n\n\n<p class=\"has-text-align-center\">Marek \u00c9va <br>marek.eva@szent-erzsebet.hu <br>Angol nyelv\/katolikus hittan<\/p>\n\n\n\n<p class=\"has-text-align-center\">Mayer Eszter <br>mayer.eszter@szent-erzsebet.hu <br>Rajz \u00e9s vizu\u00e1lis kult\u00fara\/f\u00f6ldrajz<\/p>\n\n\n\n<p class=\"has-text-align-center\">M\u00e9sz\u00e1ros Eszter <br>meszaros.eszter@szent-erzsebet.hu <br>Magyar<\/p>\n\n\n\n<p class=\"has-text-align-center\">Meszes Judit <br>meszes.judit@szent-erzsebet.hu <br>Fizika\/matematika<\/p>\n\n\n\n<p class=\"has-text-align-center\">Mikl\u00f3s Ildik\u00f3 <br>miklos.ildiko@szent-erzsebet.hu <br>Matematika\/digit\u00e1lis kult\u00fara<\/p>\n\n\n\n<p class=\"has-text-align-center\">Misur\u00e1k Andrea <br>misurak.andrea@szent-erzsebet.hu <br>Matematika\/digit\u00e1lis kult\u00fara<\/p>\n\n\n\n<p class=\"has-text-align-center\">Misur\u00e1k Gy\u00f6rgy <br>misurak.gyorgy@szent-erzsebet.hu <br>Magyar<\/p>\n\n\n\n<p class=\"has-text-align-center\">Mohai Zsuzsanna <br>mohai.zsuzsanna@szent-erzsebet.hu <br>Digit\u00e1lis kult\u00fara<\/p>\n\n\n\n<p class=\"has-text-align-center\">M\u00fcller L\u00e1szl\u00f3 <br>muller.laszlo@szent-erzsebet.hu <br>T\u00f6rt\u00e9nelem\/magyar<\/p>\n\n\n\n<p class=\"has-text-align-center\">N\u00e1dlern\u00e9 Sz\u0171cs Veronika <br>szucs.veronika@szent-erzsebet.hu <br>Angol nyelv<\/p>\n\n\n\n<p class=\"has-text-align-center\">Orb\u00e1nn\u00e9 Kerekes Katalin <br>kerekes.katalin@szent-erzsebet.hu <br>N\u00e9met nyelv\/k\u00e9mia<\/p>\n\n\n\n<p class=\"has-text-align-center\">P\u00f6rs\u00f6kn\u00e9 \u00c1goston Hajnalka <br>agoston.hajnalka@szent-erzsebet.hu <br>T\u00f6rt\u00e9nelem\/magyar<\/p>\n\n\n\n<p class=\"has-text-align-center\">Prokisch P\u00e9ter <br>prokisch.peter@szent-erzsebet.hu <br>T\u00f6rt\u00e9nelem\/magyar<\/p>\n\n\n\n<p class=\"has-text-align-center\">Rehovics J\u00e1nos <br>rehovics.janos@szent-erzsebet.hu <br>Katolikus hittan<\/p>\n\n\n\n<p class=\"has-text-align-center\">Rehovicsn\u00e9 Sz\u00e9n\u00e1ssy D\u00f3ra <br>rehovics.dora@szent-erzsebet.hu <br>Katolikus hittan<\/p>\n\n\n\n<p class=\"has-text-align-center\">S\u00e1gin\u00e9 Szlov\u00e1k Erzs\u00e9bet <br>sagi.betty@szent-erzsebet.hu <br>Matematika<\/p>\n\n\n\n<p class=\"has-text-align-center\">Sch\u00f6nwalder Anik\u00f3 <br>schonwalder.aniko@szent-erzsebet.hu <br>K\u00f6nyvt\u00e1ros<\/p>\n\n\n\n<p class=\"has-text-align-center\">Speiern\u00e9 N\u00e9meth Andrea <br>nemeth.andrea@szent-erzsebet.hu <br>N\u00e9met nyelv\/magyar<\/p>\n\n\n\n<p class=\"has-text-align-center\">Szabadin\u00e9 Kutas Emese <br>kutas.emese@szent-erzsebet.hu <br>Matematika<\/p>\n\n\n\n<p class=\"has-text-align-center\">Sz\u00e1nth\u00f3 Roland <br>szantho.roland@szent-erzsebet.hu <br>Testnevel\u00e9s\/katolikus hittan<\/p>\n\n\n\n<p class=\"has-text-align-center\">Sz\u00e1nth\u00f3n\u00e9 Hartmann Andrea <br>hartmann.andrea@szent-erzsebet.hu <br>Magyar<\/p>\n\n\n\n<p class=\"has-text-align-center\">Szederk\u00e9nyi Mikl\u00f3s <br>szederkenyi.miklos@szent-erzsebet.hu <br>Testnevel\u00e9s\/f\u00f6ldrajz<\/p>\n\n\n\n<p class=\"has-text-align-center\">Thorday Filom\u00e9na <br>thorday.filomena@szent-erzsebet.hu <br>Technika \u00e9s tervez\u00e9s<\/p>\n\n\n\n<p class=\"has-text-align-center\">T\u00f3th \u00c1gnes <br>toth.agnes@szent-erzsebet.hu <br>Olasz nyelv\/n\u00e9met nyelv<\/p>\n\n\n\n<p class=\"has-text-align-center\">T\u00f3th Ildik\u00f3 <br>toth.ildiko@szent-erzsebet.hu <br>Matematika<\/p>\n\n\n\n<p class=\"has-text-align-center\">Uhl\u00e1r L\u00e1szl\u00f3 <br>uhlar.laszlo@szent-erzsebet.hu <br>Matematika<\/p>\n\n\n\n<p class=\"has-text-align-center\">Valk\u00f3 Mikl\u00f3s <br>valko.miklos@szent-erzsebet.hu <br>Biol\u00f3gia\/f\u00f6ldrajz<\/p>\n\n\n\n<p class=\"has-text-align-center\">Varg\u00e1n\u00e9 Magyar Anett <br>magyar.anett@szent-erzsebet.hu <br>F\u00f6ldrajz\/t\u00f6rt\u00e9nelem<\/p>\n\n\n\n<p class=\"has-text-align-center\">Vereckei Attila <br>vereckei.attila@szent-erzsebet.hu <br>\u00c9nek-zene<\/p>\n\n\n\n<p class=\"has-text-align-center\">Vesztern\u00e9 Nagy Zsuzsanna <br>nagy.zsuzsanna@szent-erzsebet.hu <br>Matematika<\/p>\n\n\n\n<p class=\"has-text-align-center\">V\u00f6r\u00f6sn\u00e9 Gurin Izabella <br>gurin.izabella@szent-erzsebet.hu <br>Rajz \u00e9s vizu\u00e1lis kult\u00fara<\/p>\n\n\n\n<p class=\"has-text-align-center\">Wildn\u00e9 Gr\u00f3b M\u00e1ria <br>grob.maria@szent-erzsebet.hu <br>Fizika\/matematika<\/p>\n\n\n\n<p class=\"has-text-align-center\">Zsemberyn\u00e9 Major \u00c1gota <br>major.agota@szent-erzsebet.hu <br>Magyar\/olasz nyelv<\/p>\n","protected":false},"excerpt":{"rendered":"<p>\u00c1goston Csaba agoston.csaba@szent-erzsebet.hu Reform\u00e1tus hittan \u00c1gostonn\u00e9 Ap\u00e1ti Gabriella apati.gabriella@szent-erzsebet.hu Reform\u00e1tus hittan Alekszandrova Katalin alekszandrova.katalin@szent-erzsebet.hu Biol\u00f3gia\/k\u00e9mia Ambrus Krisztina ambrus.krisztina@szent-erzsebet.hu Angol nyelv Barna J\u00e1nos barna.janos@szent-erzsebet.hu Technika \u00e9s tervez\u00e9s B\u00e1rsony \u00c1rp\u00e1d barsony.arpad@szent-erzsebet.hu Katolikus hittan Bartha \u00c9va bartha.eva@szent-erzsebet.hu&#46;&#46;&#46;<\/p>\n","protected":false},"author":1,"featured_media":0,"parent":0,"menu_order":0,"comment_status":"closed","ping_status":"closed","template":"","meta":{"footnotes":"","_links_to":"","_links_to_target":""},"class_list":["post-2604","page","type-page","status-publish","hentry"],"_links":{"self":[{"href":"https:\/\/szent-erzsebet.hu\/gimnazium\/wp-json\/wp\/v2\/pages\/2604","targetHints":{"allow":["GET"]}}],"collection":[{"href":"https:\/\/szent-erzsebet.hu\/gimnazium\/wp-json\/wp\/v2\/pages"}],"about":[{"href":"https:\/\/szent-erzsebet.hu\/gimnazium\/wp-json\/wp\/v2\/types\/page"}],"author":[{"embeddable":true,"href":"https:\/\/szent-erzsebet.hu\/gimnazium\/wp-json\/wp\/v2\/users\/1"}],"replies":[{"embeddable":true,"href":"https:\/\/szent-erzsebet.hu\/gimnazium\/wp-json\/wp\/v2\/comments?post=2604"}],"version-history":[{"count":3,"href":"https:\/\/szent-erzsebet.hu\/gimnazium\/wp-json\/wp\/v2\/pages\/2604\/revisions"}],"predecessor-version":[{"id":2911,"href":"https:\/\/szent-erzsebet.hu\/gimnazium\/wp-json\/wp\/v2\/pages\/2604\/revisions\/2911"}],"wp:attachment":[{"href":"https:\/\/szent-erzsebet.hu\/gimnazium\/wp-json\/wp\/v2\/media?parent=2604"}],"curies":[{"name":"wp","href":"https:\/\/api.w.org\/{rel}","templated":true}]}}