{"id":388,"date":"2020-05-03T15:34:43","date_gmt":"2020-05-03T14:34:43","guid":{"rendered":"http:\/\/szent-erzsebet.hu\/ovoda\/?page_id=388"},"modified":"2020-05-03T15:35:32","modified_gmt":"2020-05-03T14:35:32","slug":"online","status":"publish","type":"page","link":"https:\/\/szent-erzsebet.hu\/ovoda\/online\/","title":{"rendered":"Online lehet\u0151s\u00e9g jelent\u00e9se a B\u00e1r\u00e1ny csoportban"},"content":{"rendered":"\n<p>Mit jelent a  B\u00e1r\u00e1ny csoportban az online lehet\u0151s\u00e9g?<\/p>\n\n\n\n<p>Els\u0151sorban nagyon fontos napi kapcsolatmeg\u0151rz\u00e9st, mely egyar\u00e1nt vonatkozik sz\u00fcl\u0151re \u00e9s gyerekre is. K\u00e9p<\/p>\n\n\n\n<figure class=\"wp-block-image\"><img decoding=\"async\" src=\"https:\/\/szent-erzsebet.hu\/ovoda\/wp-content\/uploads\/sites\/4\/2020\/05\/FB_IMG_1588110089433-1.jpg\" alt=\"A k\u00e9phez tartoz\u00f3 alt jellemz\u0151 \u00fcres; FB_IMG_1588110089433-1.jpg a f\u00e1jln\u00e9v\"\/><\/figure>\n\n\n\n<p>C\u00e9lunk a tud\u00e1startalom \u00e1tad\u00e1sa, amely&nbsp; felel\u0151ss\u00e9gteljes, el\u0151re megtervezett, a m\u0171velts\u00e9gtartalmakat figyelembe v\u00e9ve, napi felk\u00e9sz\u00fcl\u00e9ssel \u00e9s jelenl\u00e9ttel.<\/p>\n\n\n\n<figure class=\"wp-block-image\"><img decoding=\"async\" src=\"https:\/\/szent-erzsebet.hu\/ovoda\/wp-content\/uploads\/sites\/4\/2020\/05\/FB_IMG_1588109859161.jpg\" alt=\"A k\u00e9phez tartoz\u00f3 alt jellemz\u0151 \u00fcres; FB_IMG_1588109859161.jpg a f\u00e1jln\u00e9v\"\/><\/figure>\n\n\n\n<figure class=\"wp-block-image\"><img decoding=\"async\" src=\"https:\/\/szent-erzsebet.hu\/ovoda\/wp-content\/uploads\/sites\/4\/2020\/05\/FB_IMG_1588110024876.jpg\" alt=\"A k\u00e9phez tartoz\u00f3 alt jellemz\u0151 \u00fcres; FB_IMG_1588110024876.jpg a f\u00e1jln\u00e9v\"\/><\/figure>\n\n\n\n<figure class=\"wp-block-image\"><img decoding=\"async\" src=\"https:\/\/szent-erzsebet.hu\/ovoda\/wp-content\/uploads\/sites\/4\/2020\/05\/IMG_20200407_190851-1-768x1024.jpg\" alt=\"A k\u00e9phez tartoz\u00f3 alt jellemz\u0151 \u00fcres; IMG_20200407_190851-1-768x1024.jpg a f\u00e1jln\u00e9v\"\/><\/figure>\n\n\n\n<p>A tavasz az egyik legszebb \u00e9vszak, tele var\u00e1zslattal, melyet a term\u00e9szet lassan \u00e9s titokzatosan nyit meg el\u0151tt\u00fcnk. Ezt az id\u0151szakot igyeksz\u00fcnk megmutatni a gyerekeknek a szem\u00e9lyes ter\u00fcnk felhaszn\u00e1l\u00e1s\u00e1val: f\u00e9nyk\u00e9pekkel, verssel, mes\u00e9vel, k\u00e9zm\u0171ves feladatokkal.<\/p>\n\n\n\n<figure class=\"wp-block-image\"><img decoding=\"async\" src=\"https:\/\/szent-erzsebet.hu\/ovoda\/wp-content\/uploads\/sites\/4\/2020\/05\/IMG_20200329_105723-768x1024.jpg\" alt=\"A k\u00e9phez tartoz\u00f3 alt jellemz\u0151 \u00fcres; IMG_20200329_105723-768x1024.jpg a f\u00e1jln\u00e9v\"\/><\/figure>\n\n\n\n<figure class=\"wp-block-image\"><img decoding=\"async\" src=\"https:\/\/szent-erzsebet.hu\/ovoda\/wp-content\/uploads\/sites\/4\/2020\/05\/FB_IMG_1588110211383.jpg\" alt=\"A k\u00e9phez tartoz\u00f3 alt jellemz\u0151 \u00fcres; FB_IMG_1588110211383.jpg a f\u00e1jln\u00e9v\"\/><\/figure>\n\n\n\n<figure class=\"wp-block-image\"><img decoding=\"async\" src=\"https:\/\/szent-erzsebet.hu\/ovoda\/wp-content\/uploads\/sites\/4\/2020\/05\/FB_IMG_1588110219124.jpg\" alt=\"A k\u00e9phez tartoz\u00f3 alt jellemz\u0151 \u00fcres; FB_IMG_1588110219124.jpg a f\u00e1jln\u00e9v\"\/><\/figure>\n\n\n\n<figure class=\"wp-block-image\"><img decoding=\"async\" src=\"https:\/\/szent-erzsebet.hu\/ovoda\/wp-content\/uploads\/sites\/4\/2020\/05\/FB_IMG_1588110227256.jpg\" alt=\"A k\u00e9phez tartoz\u00f3 alt jellemz\u0151 \u00fcres; FB_IMG_1588110227256.jpg a f\u00e1jln\u00e9v\"\/><\/figure>\n\n\n\n<figure class=\"wp-block-image\"><img decoding=\"async\" src=\"https:\/\/szent-erzsebet.hu\/ovoda\/wp-content\/uploads\/sites\/4\/2020\/05\/FB_IMG_1588110147788-576x1024.jpg\" alt=\"A k\u00e9phez tartoz\u00f3 alt jellemz\u0151 \u00fcres; FB_IMG_1588110147788-576x1024.jpg a f\u00e1jln\u00e9v\"\/><\/figure>\n\n\n\n<figure class=\"wp-block-image\"><img decoding=\"async\" src=\"https:\/\/szent-erzsebet.hu\/ovoda\/wp-content\/uploads\/sites\/4\/2020\/05\/FB_IMG_1588109836487.jpg\" alt=\"A k\u00e9phez tartoz\u00f3 alt jellemz\u0151 \u00fcres; FB_IMG_1588109836487.jpg a f\u00e1jln\u00e9v\"\/><\/figure>\n\n\n\n<p>&nbsp;Seg\u00edts\u00e9g\u00fcl h\u00edvjuk b\u00e1bjainkat, akikkel egy\u00fctt zen\u00e9l\u00fcnk, mond\u00f3k\u00e1zunk: Berci, a b\u00e1r\u00e1ny, Elem\u00e9r, az elef\u00e1nt\u2026<\/p>\n\n\n\n<figure class=\"wp-block-image\"><img decoding=\"async\" src=\"https:\/\/szent-erzsebet.hu\/ovoda\/wp-content\/uploads\/sites\/4\/2020\/05\/received_1149041438769249.png\" alt=\"A k\u00e9phez tartoz\u00f3 alt jellemz\u0151 \u00fcres; received_1149041438769249.png a f\u00e1jln\u00e9v\"\/><\/figure>\n\n\n\n<p>Egy\u00fctt eml\u00e9kezt\u00fcnk meg sok vide\u00f3felv\u00e9telen \u00e1t&nbsp; a H\u00fasv\u00e9tr\u00f3l, a F\u00f6ld napj\u00e1r\u00f3l, ahol pl. egy\u00fctt l\u00e1ttuk hogyan m\u0171k\u00f6dik a vulk\u00e1n.<\/p>\n\n\n\n<figure class=\"wp-block-image\"><img decoding=\"async\" src=\"https:\/\/szent-erzsebet.hu\/ovoda\/wp-content\/uploads\/sites\/4\/2020\/05\/IMG_20200405_173550-768x1024.jpg\" alt=\"A k\u00e9phez tartoz\u00f3 alt jellemz\u0151 \u00fcres; IMG_20200405_173550-768x1024.jpg a f\u00e1jln\u00e9v\"\/><\/figure>\n\n\n\n<figure class=\"wp-block-image\"><img decoding=\"async\" src=\"https:\/\/szent-erzsebet.hu\/ovoda\/wp-content\/uploads\/sites\/4\/2020\/05\/IMG_20200407_064319-768x1024.jpg\" alt=\"A k\u00e9phez tartoz\u00f3 alt jellemz\u0151 \u00fcres; IMG_20200407_064319-768x1024.jpg a f\u00e1jln\u00e9v\"\/><\/figure>\n\n\n\n<figure class=\"wp-block-image\"><img decoding=\"async\" src=\"https:\/\/szent-erzsebet.hu\/ovoda\/wp-content\/uploads\/sites\/4\/2020\/05\/IMG_20200412_160244-768x1024.jpg\" alt=\"A k\u00e9phez tartoz\u00f3 alt jellemz\u0151 \u00fcres; IMG_20200412_160244-768x1024.jpg a f\u00e1jln\u00e9v\"\/><\/figure>\n\n\n\n<p>K\u00e9pIde h\u00fazhatunk k\u00e9pet, felt\u00f6lthet\u00fcnk \u00fajat, vagy a M\u00e9diat\u00e1rb\u00f3l v\u00e1laszthatunk a m\u00e1r felt\u00f6lt\u00f6ttekb\u0151l. <\/p>\n\n\n\n<p>Az iskol\u00e1ba k\u00e9sz\u00fcl\u0151 gyerekeknek bar\u00e1ts\u00e1gos anyanyelvi \u00e9s matematikai k\u00e9szs\u00e9gfejleszt\u0151 j\u00e1t\u00e9kokkal sz\u00ednes\u00edtj\u00fck napjaikat, szem el\u0151tt tartva fejl\u0151d\u00e9s\u00fck fontoss\u00e1g\u00e1t.<\/p>\n\n\n\n<figure class=\"wp-block-image\"><img decoding=\"async\" src=\"https:\/\/szent-erzsebet.hu\/ovoda\/wp-content\/uploads\/sites\/4\/2020\/05\/FB_IMG_1588109901778.jpg\" alt=\"A k\u00e9phez tartoz\u00f3 alt jellemz\u0151 \u00fcres; FB_IMG_1588109901778.jpg a f\u00e1jln\u00e9v\"\/><\/figure>\n\n\n\n<figure class=\"wp-block-image\"><img decoding=\"async\" src=\"https:\/\/szent-erzsebet.hu\/ovoda\/wp-content\/uploads\/sites\/4\/2020\/05\/FB_IMG_1588109929688-1.jpg\" alt=\"A k\u00e9phez tartoz\u00f3 alt jellemz\u0151 \u00fcres; FB_IMG_1588109929688-1.jpg a f\u00e1jln\u00e9v\"\/><\/figure>\n\n\n\n<figure class=\"wp-block-image\"><img decoding=\"async\" src=\"https:\/\/szent-erzsebet.hu\/ovoda\/wp-content\/uploads\/sites\/4\/2020\/05\/FB_IMG_1588109945106-1.jpg\" alt=\"A k\u00e9phez tartoz\u00f3 alt jellemz\u0151 \u00fcres; FB_IMG_1588109945106-1.jpg a f\u00e1jln\u00e9v\"\/><\/figure>\n\n\n\n<figure class=\"wp-block-image\"><img decoding=\"async\" src=\"https:\/\/szent-erzsebet.hu\/ovoda\/wp-content\/uploads\/sites\/4\/2020\/05\/FB_IMG_1588110031235.jpg\" alt=\"A k\u00e9phez tartoz\u00f3 alt jellemz\u0151 \u00fcres; FB_IMG_1588110031235.jpg a f\u00e1jln\u00e9v\"\/><\/figure>\n\n\n\n<figure class=\"wp-block-image\"><img decoding=\"async\" src=\"https:\/\/szent-erzsebet.hu\/ovoda\/wp-content\/uploads\/sites\/4\/2020\/05\/FB_IMG_1588110108330.jpg\" alt=\"A k\u00e9phez tartoz\u00f3 alt jellemz\u0151 \u00fcres; FB_IMG_1588110108330.jpg a f\u00e1jln\u00e9v\"\/><\/figure>\n\n\n\n<figure class=\"wp-block-image\"><img decoding=\"async\" src=\"https:\/\/szent-erzsebet.hu\/ovoda\/wp-content\/uploads\/sites\/4\/2020\/05\/received_238965463853991.png\" alt=\"A k\u00e9phez tartoz\u00f3 alt jellemz\u0151 \u00fcres; received_238965463853991.png a f\u00e1jln\u00e9v\"\/><\/figure>\n\n\n\n<figure class=\"wp-block-image\"><img decoding=\"async\" src=\"https:\/\/szent-erzsebet.hu\/ovoda\/wp-content\/uploads\/sites\/4\/2020\/05\/received_242038733576286.png\" alt=\"A k\u00e9phez tartoz\u00f3 alt jellemz\u0151 \u00fcres; received_242038733576286.png a f\u00e1jln\u00e9v\"\/><\/figure>\n\n\n\n<p>A B\u00e1r\u00e1ny csoport igen bar\u00e1ts\u00e1gosan \u00e9s akt\u00edvan vesz r\u00e9szt ebben a munk\u00e1ban.<\/p>\n\n\n\n<p>&nbsp;&nbsp;&nbsp;&nbsp;&nbsp;&nbsp;&nbsp;&nbsp;&nbsp;&nbsp;&nbsp;&nbsp;&nbsp;&nbsp;&nbsp;&nbsp;&nbsp;&nbsp;&nbsp;&nbsp;&nbsp;&nbsp;&nbsp;&nbsp;&nbsp;&nbsp;&nbsp;&nbsp;&nbsp;&nbsp;&nbsp;&nbsp;&nbsp;&nbsp;&nbsp;&nbsp;&nbsp;&nbsp;&nbsp;&nbsp;&nbsp;&nbsp;&nbsp;&nbsp;&nbsp;&nbsp;&nbsp;&nbsp;&nbsp;&nbsp;&nbsp;&nbsp;&nbsp;&nbsp;&nbsp;&nbsp;&nbsp;&nbsp;&nbsp;&nbsp;&nbsp;&nbsp;&nbsp;&nbsp;&nbsp;&nbsp;&nbsp;&nbsp;&nbsp;&nbsp;&nbsp;&nbsp; Emese \u00e9s Zsuzsi n\u00e9ni<\/p>\n\n\n\n<ul class=\"wp-block-gallery columns-2 is-cropped wp-block-gallery-1 is-layout-flex wp-block-gallery-is-layout-flex\"><li class=\"blocks-gallery-item\"><figure><img loading=\"lazy\" decoding=\"async\" width=\"720\" height=\"915\" src=\"http:\/\/szent-erzsebet.hu\/ovoda\/wp-content\/uploads\/sites\/4\/2020\/05\/N\u00e9vtelen-2.jpg\" alt=\"\" data-id=\"383\" data-link=\"http:\/\/szent-erzsebet.hu\/ovoda\/online-lehetoseg-jelentese-a-barany-csoportban\/nevtelen-2\/\" class=\"wp-image-383\" srcset=\"https:\/\/szent-erzsebet.hu\/ovoda\/wp-content\/uploads\/sites\/4\/2020\/05\/N\u00e9vtelen-2.jpg 720w, https:\/\/szent-erzsebet.hu\/ovoda\/wp-content\/uploads\/sites\/4\/2020\/05\/N\u00e9vtelen-2-236x300.jpg 236w\" sizes=\"auto, (max-width: 720px) 100vw, 720px\" \/><\/figure><\/li><li class=\"blocks-gallery-item\"><figure><img loading=\"lazy\" decoding=\"async\" width=\"317\" height=\"445\" src=\"https:\/\/szent-erzsebet.hu\/ovoda\/wp-content\/uploads\/sites\/4\/2020\/05\/1.jpg\" alt=\"\" data-id=\"389\" data-link=\"https:\/\/szent-erzsebet.hu\/ovoda\/?attachment_id=389\" class=\"wp-image-389\" srcset=\"https:\/\/szent-erzsebet.hu\/ovoda\/wp-content\/uploads\/sites\/4\/2020\/05\/1.jpg 317w, https:\/\/szent-erzsebet.hu\/ovoda\/wp-content\/uploads\/sites\/4\/2020\/05\/1-214x300.jpg 214w\" sizes=\"auto, (max-width: 317px) 100vw, 317px\" \/><\/figure><\/li><\/ul>\n","protected":false},"excerpt":{"rendered":"<p>Mit jelent a B\u00e1r\u00e1ny csoportban az online lehet\u0151s\u00e9g? Els\u0151sorban nagyon fontos napi kapcsolatmeg\u0151rz\u00e9st, mely egyar\u00e1nt vonatkozik sz\u00fcl\u0151re \u00e9s gyerekre is. K\u00e9p C\u00e9lunk a tud\u00e1startalom \u00e1tad\u00e1sa, amely&nbsp; felel\u0151ss\u00e9gteljes, el\u0151re megtervezett, a m\u0171velts\u00e9gtartalmakat figyelembe v\u00e9ve, napi&#46;&#46;&#46;<\/p>\n","protected":false},"author":1,"featured_media":0,"parent":0,"menu_order":0,"comment_status":"closed","ping_status":"closed","template":"","meta":{"footnotes":"","_links_to":"","_links_to_target":""},"class_list":["post-388","page","type-page","status-publish","hentry"],"_links":{"self":[{"href":"https:\/\/szent-erzsebet.hu\/ovoda\/wp-json\/wp\/v2\/pages\/388","targetHints":{"allow":["GET"]}}],"collection":[{"href":"https:\/\/szent-erzsebet.hu\/ovoda\/wp-json\/wp\/v2\/pages"}],"about":[{"href":"https:\/\/szent-erzsebet.hu\/ovoda\/wp-json\/wp\/v2\/types\/page"}],"author":[{"embeddable":true,"href":"https:\/\/szent-erzsebet.hu\/ovoda\/wp-json\/wp\/v2\/users\/1"}],"replies":[{"embeddable":true,"href":"https:\/\/szent-erzsebet.hu\/ovoda\/wp-json\/wp\/v2\/comments?post=388"}],"version-history":[{"count":2,"href":"https:\/\/szent-erzsebet.hu\/ovoda\/wp-json\/wp\/v2\/pages\/388\/revisions"}],"predecessor-version":[{"id":391,"href":"https:\/\/szent-erzsebet.hu\/ovoda\/wp-json\/wp\/v2\/pages\/388\/revisions\/391"}],"wp:attachment":[{"href":"https:\/\/szent-erzsebet.hu\/ovoda\/wp-json\/wp\/v2\/media?parent=388"}],"curies":[{"name":"wp","href":"https:\/\/api.w.org\/{rel}","templated":true}]}}